{"id":5376,"date":"2025-11-30T08:03:00","date_gmt":"2025-11-30T08:03:00","guid":{"rendered":"https:\/\/mairie-montataire.fr\/?post_type=event&#038;p=5376"},"modified":"2025-12-10T15:45:19","modified_gmt":"2025-12-10T15:45:19","slug":"%d9%85%d9%87%d8%b1%d8%ac%d8%a7%d9%86%d8%a7%d8%aa-%d9%86%d9%87%d8%a7%d9%8a%d8%a9-%d8%a7%d9%84%d8%b9%d8%a7%d9%85-%d8%a7%d8%ad%d8%aa%d9%81%d8%a7%d9%84%d8%a7%d9%8b-%d8%aa%d8%b6%d8%a7%d9%85%d9%86%d9%8a","status":"publish","type":"event","link":"https:\/\/mairie-montataire.fr\/ar\/agenda\/evenement\/festivites-de-fin-dannee-reveillon-de-la-solidarite\/","title":{"rendered":"\u0644\u064a\u0644\u0629 \u0631\u0623\u0633 \u0627\u0644\u0633\u0646\u0629 \u0627\u0644\u062a\u0636\u0627\u0645\u0646\u064a\u0629"},"content":{"rendered":"<p class=\"has-text-align-left\">\u0627\u062d\u062a\u0641\u0644 \u0628\u0627\u0644\u0639\u0627\u0645 \u0627\u0644\u062c\u062f\u064a\u062f \u0641\u064a \u062d\u0641\u0644 \u0631\u0623\u0633 \u0627\u0644\u0633\u0646\u0629 \u0627\u0644\u0645\u062c\u0627\u0646\u064a \u0639\u0646\u062f \u0627\u0644\u062a\u0633\u062c\u064a\u0644. \u064a\u064f\u0637\u0644\u0628 \u0645\u0646 \u0627\u0644\u0639\u0627\u0626\u0644\u0627\u062a \u0627\u0644\u0645\u0634\u0627\u0631\u0643\u0629 \u062a\u0648\u0641\u064a\u0631 \u0627\u0644\u0645\u0634\u0631\u0648\u0628\u0627\u062a \u0644\u0644\u0627\u0633\u062a\u0645\u062a\u0627\u0639 \u0628\u0648\u062c\u0628\u0629 \u0631\u0627\u0643\u0644\u062a \u0627\u0644\u062a\u064a \u064a\u062a\u0645 \u0625\u0639\u062f\u0627\u062f\u0647\u0627 \u0641\u064a \u0627\u0644\u0645\u0637\u0628\u062e \u0627\u0644\u0645\u0631\u0643\u0632\u064a. \u0633\u064a\u0633\u062a\u0645\u062a\u0639 \u0627\u0644\u0636\u064a\u0648\u0641 \u0623\u064a\u0636\u064b\u0627 \u0628\u0639\u0631\u0636 \u0627\u0644\u0643\u0627\u0646\u0643\u0627\u0646 \u0627\u0644\u0641\u0631\u0646\u0633\u064a \u0648\u0639\u0631\u0636 \u0627\u0644\u0633\u062d\u0631.<\/p>\n\n\n<div class=\"highlight\">\n                <div class=\"highlight__description\"><p>\u0625\u0646 <strong>\u0627\u0644\u062a\u0633\u062c\u064a\u0644 \u0645\u0641\u062a\u0648\u062d \u0645\u0646 1<sup>\u0625\u064a\u0647<\/sup> \u062d\u062a\u0649 19 \u062f\u064a\u0633\u0645\u0628\u0631<\/strong> \u0641\u064a Espace Huberte d'Hoker \u0623\u0648 \u0641\u064a <a href=\"tel:03 44 24 55 80\">03 44 24 55 80<\/a>.<\/p>\n<\/div>\n    <\/div>\n\n\n<p><em>\u062a\u0646\u0638\u0645 \u0627\u0644\u0645\u062f\u064a\u0646\u0629 \u0641\u0639\u0627\u0644\u064a\u0627\u062a \u0648\u0623\u0646\u0634\u0637\u0629 \u0627\u062c\u062a\u0645\u0627\u0639\u064a\u0629 \u0644\u0644\u0627\u062d\u062a\u0641\u0627\u0644 \u0628\u0627\u0644\u0623\u0639\u064a\u0627\u062f \u0641\u064a 20 \u064823 \u064825 \u064826 \u062f\u064a\u0633\u0645\u0628\u0631. \u0631\u064a\u0627\u0636\u0629 \u0648\u062a\u0631\u0641\u064a\u0647 \u0648\u0644\u062d\u0638\u0627\u062a \u0645\u0646 \u0627\u0644\u0645\u0634\u0627\u0631\u0643\u0629 \u0648\u0627\u0644\u0648\u062f\u064a\u0629 \u064a\u0645\u0643\u0646 \u0627\u0643\u062a\u0634\u0627\u0641\u0647\u0627 \u0641\u064a \u062c\u062f\u0648\u0644 \u0627\u0644\u0641\u0639\u0627\u0644\u064a\u0627\u062a. \u0648\u0644\u0625\u0636\u0641\u0627\u0621 \u0627\u0644\u0645\u0632\u064a\u062f \u0645\u0646 \u0627\u0644\u0623\u062c\u0648\u0627\u0621 \u0627\u0644\u0627\u062d\u062a\u0641\u0627\u0644\u064a\u0629\u060c \u0633\u062a\u0632\u064a\u0646 \u0645\u0648\u0646\u062a\u0627\u062a\u064a\u0631 \u0634\u0648\u0627\u0631\u0639\u0647\u0627 \u0628\u0623\u0636\u0648\u0627\u0621 \u0639\u064a\u062f \u0627\u0644\u0645\u064a\u0644\u0627\u062f \u0645\u0646 8 \u062f\u064a\u0633\u0645\u0628\u0631 \u0625\u0644\u0649 12 \u064a\u0646\u0627\u064a\u0631.<\/em><\/p>\n\n\n\n<p><\/p>","protected":false},"featured_media":7262,"parent":0,"template":"","meta":{"_acf_changed":true,"_uag_custom_page_level_css":""},"event-theme":[88],"class_list":["post-5376","event","type-event","status-publish","has-post-thumbnail","hentry","event-theme-evenement"],"acf":[],"uagb_featured_image_src":{"full":["https:\/\/mairie-montataire.fr\/app\/uploads\/2024\/11\/Agenda_ReveillonSolidarite.jpg",450,335,false],"thumbnail":["https:\/\/mairie-montataire.fr\/app\/uploads\/2024\/11\/Agenda_ReveillonSolidarite-150x150.jpg",150,150,true],"medium":["https:\/\/mairie-montataire.fr\/app\/uploads\/2024\/11\/Agenda_ReveillonSolidarite-300x223.jpg",300,223,true],"medium_large":["https:\/\/mairie-montataire.fr\/app\/uploads\/2024\/11\/Agenda_ReveillonSolidarite.jpg",450,335,false],"large":["https:\/\/mairie-montataire.fr\/app\/uploads\/2024\/11\/Agenda_ReveillonSolidarite.jpg",450,335,false],"1536x1536":["https:\/\/mairie-montataire.fr\/app\/uploads\/2024\/11\/Agenda_ReveillonSolidarite.jpg",450,335,false],"2048x2048":["https:\/\/mairie-montataire.fr\/app\/uploads\/2024\/11\/Agenda_ReveillonSolidarite.jpg",450,335,false],"trp-custom-language-flag":["https:\/\/mairie-montataire.fr\/app\/uploads\/2024\/11\/Agenda_ReveillonSolidarite-16x12.jpg",16,12,true],"gform-image-choice-sm":["https:\/\/mairie-montataire.fr\/app\/uploads\/2024\/11\/Agenda_ReveillonSolidarite.jpg",300,223,false],"gform-image-choice-md":["https:\/\/mairie-montataire.fr\/app\/uploads\/2024\/11\/Agenda_ReveillonSolidarite.jpg",400,298,false],"gform-image-choice-lg":["https:\/\/mairie-montataire.fr\/app\/uploads\/2024\/11\/Agenda_ReveillonSolidarite.jpg",450,335,false]},"uagb_author_info":{"display_name":"Laure Pubert","author_link":"https:\/\/mairie-montataire.fr\/ar\/actualites\/author\/"},"uagb_comment_info":0,"uagb_excerpt":"C\u00e9l\u00e9brez la nouvelle ann\u00e9e lors du r\u00e9veillon solidaire, gratuit sur inscription. Les familles participantes sont invit\u00e9es \u00e0 fournir des boissons, pour profiter d\u2019une raclette pr\u00e9par\u00e9e par la cuisine centrale. Les convives profiteront aussi d\u2019un french cancan et d\u2019un spectacle de magie. La Ville organise \u00e9v\u00e8nements et actions sociales pour c\u00e9l\u00e9brer les festivit\u00e9s les 20, 23,&hellip;","_links":{"self":[{"href":"https:\/\/mairie-montataire.fr\/ar\/wp-json\/wp\/v2\/event\/5376","targetHints":{"allow":["GET"]}}],"collection":[{"href":"https:\/\/mairie-montataire.fr\/ar\/wp-json\/wp\/v2\/event"}],"about":[{"href":"https:\/\/mairie-montataire.fr\/ar\/wp-json\/wp\/v2\/types\/event"}],"wp:featuredmedia":[{"embeddable":true,"href":"https:\/\/mairie-montataire.fr\/ar\/wp-json\/wp\/v2\/media\/7262"}],"wp:attachment":[{"href":"https:\/\/mairie-montataire.fr\/ar\/wp-json\/wp\/v2\/media?parent=5376"}],"wp:term":[{"taxonomy":"event-theme","embeddable":true,"href":"https:\/\/mairie-montataire.fr\/ar\/wp-json\/wp\/v2\/event-theme?post=5376"}],"curies":[{"name":"\u062f\u0628\u0644\u064a\u0648 \u0628\u064a","href":"https:\/\/api.w.org\/{rel}","templated":true}]}}