{"id":4295,"date":"2026-08-27T08:00:00","date_gmt":"2026-08-27T08:00:00","guid":{"rendered":"https:\/\/montataire.mentalworks.me\/?post_type=event&#038;p=4295"},"modified":"2026-08-04T13:48:52","modified_gmt":"2026-08-04T13:48:52","slug":"%d8%a7%d9%84%d8%a3%d8%b3%d8%a8%d9%88%d8%b9-%d8%a7%d9%84%d8%a3%d8%b2%d8%b1%d9%82","status":"publish","type":"event","link":"https:\/\/mairie-montataire.fr\/ar\/agenda\/retraites\/la-semaine-bleue\/","title":{"rendered":"\u0627\u0644\u0623\u0633\u0628\u0648\u0639 \u0627\u0644\u0623\u0632\u0631\u0642"},"content":{"rendered":"<p class=\"wp-block-paragraph\">La Semaine bleue, semaine nationale d\u00e9di\u00e9e aux personnes retrait\u00e9s et \u00e2g\u00e9es, est organis\u00e9e chaque ann\u00e9e elle met en valeur la place essentielle des a\u00een\u00e9s dans notre soci\u00e9t\u00e9 et rappelle l\u2019importance des liens interg\u00e9n\u00e9rationnels.<\/p>\n\n\n\n<p class=\"wp-block-paragraph\">\u00c0 Montataire, un programme vari\u00e9 m\u00ealant activit\u00e9s physiques, bien-\u00eatre, culture, loisirs et d\u00e9couverte est propos\u00e9 pour l\u2019occasion en partenariat avec le lyc\u00e9e Andr\u00e9 Malraux, l\u2019associations Femmes solidaires et les services de la Ville du 5 au 10 octobre 2026.<\/p>\n\n\n\n<div style=\"height:39px\" aria-hidden=\"true\" class=\"wp-block-spacer\"><\/div>\n\n\n<div class=\"highlight\">\n                <div class=\"highlight__description\"><p style=\"text-align: center;\"><span style=\"color: #993300;\"><strong>\u062a\u0646\u0628\u064a\u0647<\/strong><\/span><br \/>\n<span style=\"color: #993300;\"><strong>\u0633\u064a\u062a\u0645 \u0627\u0644\u062a\u0633\u062c\u064a\u0644 \u0641\u064a \u0623\u0646\u0634\u0637\u0629 \u0627\u0644\u0623\u0633\u0628\u0648\u0639 \u0627\u0644\u0623\u0632\u0631\u0642 \u0641\u064a<\/strong><\/span><br \/>\n<span style=\"color: #993300;\"><strong>le jeudi 10 septembre \u00e0 partir de 14h \u00e0 la r\u00e9sidence Maurice Mignon.<\/strong><\/span><\/p>\n<\/div>\n    <\/div>\n\n\n<div style=\"height:39px\" aria-hidden=\"true\" class=\"wp-block-spacer\"><\/div>\n\n\n\n<h3 class=\"wp-block-heading has-text-align-center\">LUNDI 5 OCTOBRE : <strong>Tous les \u00e2ges ont leur place<\/strong><\/h3>\n\n\n\n<p class=\"wp-block-paragraph\"><strong><mark style=\"background-color:rgba(0, 0, 0, 0)\" class=\"has-inline-color has-primary-800-color\">\/\/ <\/mark>9h : D\u00e9part de la r\u00e9sidence autonomie<\/strong><br>Atelier marche bleue et activit\u00e9s sportives adapt\u00e9es au parc du prieur\u00e9 <strong>encadr\u00e9es par les \u00e9l\u00e8ves du lyc\u00e9e Andr\u00e9 Malraux<\/strong> des sections \u00ab Certificat de sp\u00e9cialisation animation \u00bb et \u00ab Aide soin et service \u00e0 la personne \u00bb. Le parcours sera adapt\u00e9 en fonction de vos capacit\u00e9s physiques. Une boisson vitamin\u00e9e sera offerte aux participants.<br><strong><em>\u0627\u062d\u0631\u0635 \u0639\u0644\u0649 \u0627\u0631\u062a\u062f\u0627\u0621 \u062d\u0630\u0627\u0621 \u0631\u064a\u0627\u0636\u064a.<\/em><\/strong><br><br><strong><mark style=\"background-color:rgba(0, 0, 0, 0)\" class=\"has-inline-color has-primary-800-color\">\/\/<\/mark><\/strong> <strong>14h : <strong>\u0641\u064a \u0627\u0644\u0633\u0643\u0646 \u0627\u0644\u0645\u0633\u062a\u0642\u0644<\/strong><br><\/strong>Jeux et \u00e9nigmes <strong>anim\u00e9s par les \u00e9l\u00e8ves du lyc\u00e9e Andr\u00e9 Malraux<\/strong> de la section \u00ab Aide soin et service \u00e0 la personne \u00bb<\/p>\n\n\n\n<p class=\"wp-block-paragraph\"><\/p>","protected":false},"featured_media":4292,"parent":0,"template":"","meta":{"_acf_changed":true,"_uag_custom_page_level_css":""},"event-theme":[99],"class_list":["post-4295","event","type-event","status-publish","has-post-thumbnail","hentry","event-theme-retraites"],"acf":[],"uagb_featured_image_src":{"full":["https:\/\/mairie-montataire.fr\/app\/uploads\/2024\/09\/Agenda_SemaineBleue24.jpg",450,335,false],"thumbnail":["https:\/\/mairie-montataire.fr\/app\/uploads\/2024\/09\/Agenda_SemaineBleue24-150x150.jpg",150,150,true],"medium":["https:\/\/mairie-montataire.fr\/app\/uploads\/2024\/09\/Agenda_SemaineBleue24-300x223.jpg",300,223,true],"medium_large":["https:\/\/mairie-montataire.fr\/app\/uploads\/2024\/09\/Agenda_SemaineBleue24.jpg",450,335,false],"large":["https:\/\/mairie-montataire.fr\/app\/uploads\/2024\/09\/Agenda_SemaineBleue24.jpg",450,335,false],"1536x1536":["https:\/\/mairie-montataire.fr\/app\/uploads\/2024\/09\/Agenda_SemaineBleue24.jpg",450,335,false],"2048x2048":["https:\/\/mairie-montataire.fr\/app\/uploads\/2024\/09\/Agenda_SemaineBleue24.jpg",450,335,false],"trp-custom-language-flag":["https:\/\/mairie-montataire.fr\/app\/uploads\/2024\/09\/Agenda_SemaineBleue24-16x12.jpg",16,12,true],"gform-image-choice-sm":["https:\/\/mairie-montataire.fr\/app\/uploads\/2024\/09\/Agenda_SemaineBleue24.jpg",300,223,false],"gform-image-choice-md":["https:\/\/mairie-montataire.fr\/app\/uploads\/2024\/09\/Agenda_SemaineBleue24.jpg",400,298,false],"gform-image-choice-lg":["https:\/\/mairie-montataire.fr\/app\/uploads\/2024\/09\/Agenda_SemaineBleue24.jpg",450,335,false]},"uagb_author_info":{"display_name":"Laure Pubert","author_link":"https:\/\/mairie-montataire.fr\/ar\/actualites\/author\/"},"uagb_comment_info":0,"uagb_excerpt":"La Semaine bleue, semaine nationale d\u00e9di\u00e9e aux personnes retrait\u00e9s et \u00e2g\u00e9es, est organis\u00e9e chaque ann\u00e9e elle met en valeur la place essentielle des a\u00een\u00e9s dans notre soci\u00e9t\u00e9 et rappelle l\u2019importance des liens interg\u00e9n\u00e9rationnels. \u00c0 Montataire, un programme vari\u00e9 m\u00ealant activit\u00e9s physiques, bien-\u00eatre, culture, loisirs et d\u00e9couverte est propos\u00e9 pour l\u2019occasion en partenariat avec le lyc\u00e9e&hellip;","_links":{"self":[{"href":"https:\/\/mairie-montataire.fr\/ar\/wp-json\/wp\/v2\/event\/4295","targetHints":{"allow":["GET"]}}],"collection":[{"href":"https:\/\/mairie-montataire.fr\/ar\/wp-json\/wp\/v2\/event"}],"about":[{"href":"https:\/\/mairie-montataire.fr\/ar\/wp-json\/wp\/v2\/types\/event"}],"wp:featuredmedia":[{"embeddable":true,"href":"https:\/\/mairie-montataire.fr\/ar\/wp-json\/wp\/v2\/media\/4292"}],"wp:attachment":[{"href":"https:\/\/mairie-montataire.fr\/ar\/wp-json\/wp\/v2\/media?parent=4295"}],"wp:term":[{"taxonomy":"event-theme","embeddable":true,"href":"https:\/\/mairie-montataire.fr\/ar\/wp-json\/wp\/v2\/event-theme?post=4295"}],"curies":[{"name":"\u062f\u0628\u0644\u064a\u0648 \u0628\u064a","href":"https:\/\/api.w.org\/{rel}","templated":true}]}}