{"id":4233,"date":"2024-09-03T13:01:47","date_gmt":"2024-09-03T13:01:47","guid":{"rendered":"https:\/\/montataire.mentalworks.me\/?post_type=event&#038;p=4233"},"modified":"2024-09-04T08:58:50","modified_gmt":"2024-09-04T08:58:50","slug":"%d8%ac%d8%af%d8%a7%d9%88%d9%84-%d8%a7%d9%84%d8%aa%d9%88%d8%b8%d9%8a%d9%81-%d9%81%d9%8a-%d8%a7%d9%84%d8%a3%d8%ad%d9%8a%d8%a7%d8%a1-%d8%a7%d9%84%d8%b3%d9%83%d9%86%d9%8a%d8%a9","status":"publish","type":"event","link":"https:\/\/mairie-montataire.fr\/ar\/agenda\/rencontres\/tables-de-quartier-emploi\/","title":{"rendered":"\u062c\u062f\u0627\u0648\u0644 \u0627\u0644\u062a\u0648\u0638\u064a\u0641 \u0627\u0644\u0645\u062d\u0644\u064a"},"content":{"rendered":"<p>\u0637\u0627\u0648\u0644\u0629 \u062f\u064a \u0643\u0648\u0627\u0631\u062a\u064a\u064a\u0647 \u0625\u0645\u0628\u0644\u0648\u064a \u0642\u0627\u062f\u0645\u0629 \u0625\u0644\u0649 \u0634\u0627\u0631\u0639\u0643! <\/p>\n\n\n\n<p>\u0625\u0646\u0647\u0627 \u0641\u0631\u0635\u0629 \u0644\u0623\u064a \u0634\u062e\u0635 \u064a\u0628\u062d\u062b \u0639\u0646 \u0648\u0638\u064a\u0641\u0629 \u0623\u0648 \u062a\u062f\u0631\u064a\u0628 \u0644\u0644\u062d\u0636\u0648\u0631 \u0648\u0627\u0644\u062a\u062d\u062f\u062b \u0648\u0645\u0639\u0631\u0641\u0629 \u0627\u0644\u0645\u0632\u064a\u062f. <\/p>\n\n\n\n<p>\u0633\u0648\u0627\u0621 \u0643\u0646\u062a \u062a\u0628\u062d\u062b \u0639\u0646 \u0623\u0648\u0644 \u0648\u0638\u064a\u0641\u0629 \u0644\u0643\u060c \u0623\u0648 \u0643\u0646\u062a \u062a\u0628\u062d\u062b \u0639\u0646 \u0623\u0648\u0644 \u0648\u0638\u064a\u0641\u0629 \u0644\u0643\u060c \u0623\u0648 \u0643\u0646\u062a \u062a\u063a\u064a\u0651\u0631 \u0645\u0647\u0646\u062a\u0643\u060c \u0623\u0648 \u0643\u0646\u062a \u0641\u0642\u0637 \u062a\u0634\u0639\u0631 \u0628\u0627\u0644\u0641\u0636\u0648\u0644 \u0644\u0645\u0639\u0631\u0641\u0629 \u0627\u0644\u0641\u0631\u0635 \u0627\u0644\u062c\u062f\u064a\u062f\u0629\u060c \u0641\u0647\u0630\u0627 \u0627\u0644\u0644\u0642\u0627\u0621 \u0645\u0646\u0627\u0633\u0628 \u0644\u0643. <strong>\u0627\u0633\u062a\u0641\u062f \u0645\u0646 \u0647\u0630\u0647 \u0627\u0644\u0645\u0633\u0627\u062d\u0629 \u0627\u0644\u0648\u062f\u064a\u0629 \u0644\u0644\u062a\u062d\u062f\u062b \u0625\u0644\u0649 \u0627\u0644\u0645\u062a\u062e\u0635\u0635\u064a\u0646 \u0648\u0637\u0631\u062d \u0623\u0633\u0626\u0644\u062a\u0643 \u0648\u0627\u0644\u062d\u0635\u0648\u0644 \u0639\u0644\u0649 \u0646\u0635\u0627\u0626\u062d \u0634\u062e\u0635\u064a\u0629 \u0644\u062a\u0639\u0632\u064a\u0632 \u062d\u064a\u0627\u062a\u0643 \u0627\u0644\u0645\u0647\u0646\u064a\u0629. \u0644\u0627 \u062a\u0641\u0648\u0651\u062a \u0647\u0630\u0647 \u0627\u0644\u0641\u0631\u0635\u0629 \u0644\u062f\u0641\u0639 \u0645\u0634\u0627\u0631\u064a\u0639\u0643 \u0625\u0644\u0649 \u0627\u0644\u0623\u0645\u0627\u0645!<\/strong><\/p>\n\n\n\n<div style=\"height:100px\" aria-hidden=\"true\" class=\"wp-block-spacer\"><\/div>\n\n\n\n<div class=\"wp-block-uagb-image uagb-block-e3fd396d wp-block-uagb-image--layout-default wp-block-uagb-image--effect-static wp-block-uagb-image--align-none\"><figure class=\"wp-block-uagb-image__figure\"><img decoding=\"async\" srcset=\"https:\/\/mairie-montataire.fr\/app\/uploads\/2024\/09\/Agenda_TablesQuartierEmploi_logo-1024x202.jpg ,https:\/\/mairie-montataire.fr\/app\/uploads\/2024\/09\/Agenda_TablesQuartierEmploi_logo.jpg 780w, https:\/\/mairie-montataire.fr\/app\/uploads\/2024\/09\/Agenda_TablesQuartierEmploi_logo.jpg 360w\" sizes=\"auto, (max-width: 480px) 150px\" src=\"https:\/\/mairie-montataire.fr\/app\/uploads\/2024\/09\/Agenda_TablesQuartierEmploi_logo-1024x202.jpg\" alt=\"\" class=\"uag-image-4238\" width=\"1024\" height=\"202\" title=\"\u062c\u062f\u0627\u0648\u0644_\u062c\u062f\u0648\u0644_\u0623\u062c\u0646\u062f\u0629_\u062c\u062f\u0627\u0648\u0644_\u0623\u0639\u0645\u0627\u0644_\u0634\u0639\u0627\u0631_\u0627\u0644\u0645\u0648\u0638\u0641\u064a\u0646\" loading=\"lazy\" role=\"img\"\/><\/figure><\/div>","protected":false},"featured_media":4235,"parent":0,"template":"","meta":{"_acf_changed":true,"_uag_custom_page_level_css":""},"event-theme":[78],"class_list":["post-4233","event","type-event","status-publish","has-post-thumbnail","hentry","event-theme-rencontres"],"acf":[],"uagb_featured_image_src":{"full":["https:\/\/mairie-montataire.fr\/app\/uploads\/2024\/09\/Agenda_TablesQuartierEmploi.jpg",450,335,false],"thumbnail":["https:\/\/mairie-montataire.fr\/app\/uploads\/2024\/09\/Agenda_TablesQuartierEmploi-150x150.jpg",150,150,true],"medium":["https:\/\/mairie-montataire.fr\/app\/uploads\/2024\/09\/Agenda_TablesQuartierEmploi-300x223.jpg",300,223,true],"medium_large":["https:\/\/mairie-montataire.fr\/app\/uploads\/2024\/09\/Agenda_TablesQuartierEmploi.jpg",450,335,false],"large":["https:\/\/mairie-montataire.fr\/app\/uploads\/2024\/09\/Agenda_TablesQuartierEmploi.jpg",450,335,false],"1536x1536":["https:\/\/mairie-montataire.fr\/app\/uploads\/2024\/09\/Agenda_TablesQuartierEmploi.jpg",450,335,false],"2048x2048":["https:\/\/mairie-montataire.fr\/app\/uploads\/2024\/09\/Agenda_TablesQuartierEmploi.jpg",450,335,false],"trp-custom-language-flag":["https:\/\/mairie-montataire.fr\/app\/uploads\/2024\/09\/Agenda_TablesQuartierEmploi-16x12.jpg",16,12,true],"gform-image-choice-sm":["https:\/\/mairie-montataire.fr\/app\/uploads\/2024\/09\/Agenda_TablesQuartierEmploi.jpg",300,223,false],"gform-image-choice-md":["https:\/\/mairie-montataire.fr\/app\/uploads\/2024\/09\/Agenda_TablesQuartierEmploi.jpg",400,298,false],"gform-image-choice-lg":["https:\/\/mairie-montataire.fr\/app\/uploads\/2024\/09\/Agenda_TablesQuartierEmploi.jpg",450,335,false]},"uagb_author_info":{"display_name":"Laure Pubert","author_link":"https:\/\/mairie-montataire.fr\/ar\/actualites\/author\/"},"uagb_comment_info":0,"uagb_excerpt":"La Table de Quartier Emploi s&rsquo;installe dans ta rue ! C&rsquo;est une occasion pour toutes les personnes en recherche d&#8217;emploi ou de formation de venir \u00e9changer et se renseigner. Que tu sois \u00e0 la recherche de ton premier emploi, en reconversion professionnelle, ou simplement curieux de d\u00e9couvrir de nouvelles opportunit\u00e9s, cette rencontre est faite pour&hellip;","_links":{"self":[{"href":"https:\/\/mairie-montataire.fr\/ar\/wp-json\/wp\/v2\/event\/4233","targetHints":{"allow":["GET"]}}],"collection":[{"href":"https:\/\/mairie-montataire.fr\/ar\/wp-json\/wp\/v2\/event"}],"about":[{"href":"https:\/\/mairie-montataire.fr\/ar\/wp-json\/wp\/v2\/types\/event"}],"wp:featuredmedia":[{"embeddable":true,"href":"https:\/\/mairie-montataire.fr\/ar\/wp-json\/wp\/v2\/media\/4235"}],"wp:attachment":[{"href":"https:\/\/mairie-montataire.fr\/ar\/wp-json\/wp\/v2\/media?parent=4233"}],"wp:term":[{"taxonomy":"event-theme","embeddable":true,"href":"https:\/\/mairie-montataire.fr\/ar\/wp-json\/wp\/v2\/event-theme?post=4233"}],"curies":[{"name":"\u062f\u0628\u0644\u064a\u0648 \u0628\u064a","href":"https:\/\/api.w.org\/{rel}","templated":true}]}}